{"id":927,"date":"2023-09-19T16:09:14","date_gmt":"2023-09-19T14:09:14","guid":{"rendered":"https:\/\/fundacjapolna.org\/?page_id=927"},"modified":"2024-09-01T15:35:23","modified_gmt":"2024-09-01T13:35:23","slug":"mikrogranty-aofr","status":"publish","type":"page","link":"https:\/\/fundacjapolna.org\/index.php\/mikrogranty-aofr\/","title":{"rendered":"Mikrogranty &#8211; AOFR"},"content":{"rendered":"\t\t<div data-elementor-type=\"wp-page\" data-elementor-id=\"927\" class=\"elementor elementor-927\">\n\t\t\t\t\t\t<section class=\"elementor-section elementor-top-section elementor-element elementor-element-bc55b19 elementor-section-boxed elementor-section-height-default elementor-section-height-default\" data-id=\"bc55b19\" data-element_type=\"section\" data-e-type=\"section\">\n\t\t\t\t\t\t<div class=\"elementor-container elementor-column-gap-default\">\n\t\t\t\t\t<div class=\"elementor-column elementor-col-100 elementor-top-column elementor-element elementor-element-154b9fd\" data-id=\"154b9fd\" data-element_type=\"column\" data-e-type=\"column\">\n\t\t\t<div class=\"elementor-widget-wrap elementor-element-populated\">\n\t\t\t\t\t\t<div class=\"elementor-element elementor-element-1f2527c elementor-widget elementor-widget-text-editor\" data-id=\"1f2527c\" data-element_type=\"widget\" data-e-type=\"widget\" data-widget_type=\"text-editor.default\">\n\t\t\t\t<div class=\"elementor-widget-container\">\n\t\t\t\t\t\t\t\t\t<p><strong>Projekt finansowany przez Islandi\u0119, Liechtenstein i Norwegi\u0119 z Funduszy EOG i Funduszy Norweskich w ramach Programu Aktywni Obywatele \u2013 Fundusz Regionalny<br \/><\/strong><\/p><div><strong>&#8222;Aktywni Obywatele \u2013 Fundusz Regionalny Konkurs na mikrogranty dla m\u0142odych organizacji&#8221; to program, w ramach kt\u00f3rego nasza fundacja rozwinie skrzyd\u0142a. Podnios\u0105 si\u0119 kwalifikacje cz\u0142onk\u00f3w naszej fundacji w ramach kurs\u00f3w op\u0142acanych z grantu (NVC, coaching, szko\u0142a trener\u00f3w) oraz szkole\u0144 dotycz\u0105cych funkcjonowania NGO zapewnianych w ramach programu. Powstanie Polna Jurta- siedziba naszej fundacji, baza edukacji w plenerze i miejsce spotka\u0144. Odb\u0119d\u0105 si\u0119 Dni Otwarte Fundacji Polna. Zrobimy pierwsze kroki w kluczowych dla naszej fundacji obszarach dzia\u0142a\u0144: uniwersytecie ludowym oraz le\u015bnych wyprawach. Dzi\u0119ki mikrograntom jako organizacja staniemy na w\u0142asnych nogach.<\/strong><\/div>\t\t\t\t\t\t\t\t<\/div>\n\t\t\t\t<\/div>\n\t\t\t\t\t<\/div>\n\t\t<\/div>\n\t\t\t\t\t<\/div>\n\t\t<\/section>\n\t\t\t\t<section class=\"elementor-section elementor-top-section elementor-element elementor-element-2141d0a elementor-section-boxed elementor-section-height-default elementor-section-height-default\" data-id=\"2141d0a\" data-element_type=\"section\" data-e-type=\"section\">\n\t\t\t\t\t\t<div class=\"elementor-container elementor-column-gap-default\">\n\t\t\t\t\t<div class=\"elementor-column elementor-col-100 elementor-top-column elementor-element elementor-element-4888353\" data-id=\"4888353\" data-element_type=\"column\" data-e-type=\"column\">\n\t\t\t<div class=\"elementor-widget-wrap elementor-element-populated\">\n\t\t\t\t\t\t<div class=\"elementor-element elementor-element-b3497ea elementor-grid-eael-col-4 elementor-grid-tablet-eael-col-2 elementor-grid-mobile-eael-col-1 elementor-widget elementor-widget-eael-post-grid\" data-id=\"b3497ea\" data-element_type=\"widget\" data-e-type=\"widget\" data-settings=\"{&quot;eael_post_grid_columns&quot;:&quot;eael-col-4&quot;,&quot;eael_post_grid_columns_tablet&quot;:&quot;eael-col-2&quot;,&quot;eael_post_grid_columns_mobile&quot;:&quot;eael-col-1&quot;}\" data-widget_type=\"eael-post-grid.default\">\n\t\t\t\t<div class=\"elementor-widget-container\">\n\t\t\t\t\t<div id=\"eael-post-grid-b3497ea\" class=\"eael-post-grid-container\">\n            <div class=\"eael-post-grid eael-post-appender eael-post-appender-b3497ea eael-post-grid-style-one\" data-layout-mode=\"masonry\"><article class=\"eael-grid-post  eael-post-grid-column eael-pg-post-1070 category-blog-mikrogranty-aofr\" data-id=\"1070\">\n        <div class=\"eael-grid-post-holder\">\n            <div class=\"eael-grid-post-holder-inner\"><div class=\"eael-entry-media\"><div class=\"eael-entry-overlay fade-in\"><i class=\"fas fa-long-arrow-alt-right\" aria-hidden=\"true\"><\/i><a href=\"https:\/\/fundacjapolna.org\/index.php\/2024\/03\/25\/za-nami-dni-otwarte-fundacji-polna\/\"><\/a><\/div><div class=\"eael-entry-thumbnail \">\n                <img fetchpriority=\"high\" decoding=\"async\" width=\"300\" height=\"210\" src=\"https:\/\/fundacjapolna.org\/wp-content\/uploads\/2024\/03\/432997663_373526805652423_5515373386431848433_n-e1716378240400-300x210.jpeg\" class=\"attachment-medium size-medium wp-image-1076\" alt=\"\" srcset=\"https:\/\/fundacjapolna.org\/wp-content\/uploads\/2024\/03\/432997663_373526805652423_5515373386431848433_n-e1716378240400-300x210.jpeg 300w, https:\/\/fundacjapolna.org\/wp-content\/uploads\/2024\/03\/432997663_373526805652423_5515373386431848433_n-e1716378240400-1024x715.jpeg 1024w, https:\/\/fundacjapolna.org\/wp-content\/uploads\/2024\/03\/432997663_373526805652423_5515373386431848433_n-e1716378240400-768x536.jpeg 768w, https:\/\/fundacjapolna.org\/wp-content\/uploads\/2024\/03\/432997663_373526805652423_5515373386431848433_n-e1716378240400-1536x1073.jpeg 1536w, https:\/\/fundacjapolna.org\/wp-content\/uploads\/2024\/03\/432997663_373526805652423_5515373386431848433_n-e1716378240400.jpeg 1754w\" sizes=\"(max-width: 300px) 100vw, 300px\" \/>\n            <\/div>\n        <\/div><div class=\"eael-entry-wrapper\"><header class=\"eael-entry-header\"><h2 class=\"eael-entry-title\"><a class=\"eael-grid-post-link\" href=\"https:\/\/fundacjapolna.org\/index.php\/2024\/03\/25\/za-nami-dni-otwarte-fundacji-polna\/\" title=\"Za nami Dni otwarte Fundacji Polna\">Za nami Dni otwarte Fundacji Polna<\/a><\/h2><\/header><div class=\"eael-entry-content\">\n                        <div class=\"eael-grid-post-excerpt\"><p>W dniach 23-24 marca 2024 roku odwiedzi\u0142o nas \u0142\u0105cznie prawie...<\/p><a href=\"https:\/\/fundacjapolna.org\/index.php\/2024\/03\/25\/za-nami-dni-otwarte-fundacji-polna\/\" class=\"eael-post-elements-readmore-btn\">Read More<\/a><\/div>\n                    <\/div><div class=\"eael-entry-footer\"><div class=\"eael-author-avatar\"><a href=\"https:\/\/fundacjapolna.org\/index.php\/author\/admin9032\/\"><img alt='FundacjaPolna' src='https:\/\/secure.gravatar.com\/avatar\/d8bc0a4596e16fc950250b96a5382cdb4d5a8e8e03b63929205dbeb608071ae3?s=96&#038;d=mm&#038;r=g' srcset='https:\/\/secure.gravatar.com\/avatar\/d8bc0a4596e16fc950250b96a5382cdb4d5a8e8e03b63929205dbeb608071ae3?s=192&#038;d=mm&#038;r=g 2x' class='avatar avatar-96 photo' height='96' width='96' \/><\/a><\/div><div class=\"eael-entry-meta\"><span class=\"eael-posted-by\"><a href=\"https:\/\/fundacjapolna.org\/index.php\/author\/admin9032\/\" title=\"Posts by FundacjaPolna\" rel=\"author\">FundacjaPolna<\/a><\/span><span class=\"eael-posted-on\"><time datetime=\"25 marca 2024\">25 marca 2024<\/time><\/span><\/div><\/div><\/div><\/div>\n        <\/div>\n    <\/article><article class=\"eael-grid-post  eael-post-grid-column eael-pg-post-1109 category-mikrogranty-aofr\" data-id=\"1109\">\n        <div class=\"eael-grid-post-holder\">\n            <div class=\"eael-grid-post-holder-inner\"><div class=\"eael-entry-wrapper\"><header class=\"eael-entry-header\"><h2 class=\"eael-entry-title\"><a class=\"eael-grid-post-link\" href=\"https:\/\/fundacjapolna.org\/index.php\/2024\/03\/07\/kurs-zielarski-zakonczony\/\" title=\"Kurs zielarski zako\u0144czony\">Kurs zielarski zako\u0144czony<\/a><\/h2><\/header><div class=\"eael-entry-content\">\n                        <div class=\"eael-grid-post-excerpt\"><p>Wczoraj domkn\u0119li\u015bmy nasz pierwszy kurs zielarski organizowany w Czermnej. Cieszymy...<\/p><a href=\"https:\/\/fundacjapolna.org\/index.php\/2024\/03\/07\/kurs-zielarski-zakonczony\/\" class=\"eael-post-elements-readmore-btn\">Read More<\/a><\/div>\n                    <\/div><div class=\"eael-entry-footer\"><div class=\"eael-author-avatar\"><a href=\"https:\/\/fundacjapolna.org\/index.php\/author\/admin9032\/\"><img alt='FundacjaPolna' src='https:\/\/secure.gravatar.com\/avatar\/d8bc0a4596e16fc950250b96a5382cdb4d5a8e8e03b63929205dbeb608071ae3?s=96&#038;d=mm&#038;r=g' srcset='https:\/\/secure.gravatar.com\/avatar\/d8bc0a4596e16fc950250b96a5382cdb4d5a8e8e03b63929205dbeb608071ae3?s=192&#038;d=mm&#038;r=g 2x' class='avatar avatar-96 photo' height='96' width='96' \/><\/a><\/div><div class=\"eael-entry-meta\"><span class=\"eael-posted-by\"><a href=\"https:\/\/fundacjapolna.org\/index.php\/author\/admin9032\/\" title=\"Posts by FundacjaPolna\" rel=\"author\">FundacjaPolna<\/a><\/span><span class=\"eael-posted-on\"><time datetime=\"7 marca 2024\">7 marca 2024<\/time><\/span><\/div><\/div><\/div><\/div>\n        <\/div>\n    <\/article><article class=\"eael-grid-post  eael-post-grid-column eael-pg-post-1114 category-mikrogranty-aofr\" data-id=\"1114\">\n        <div class=\"eael-grid-post-holder\">\n            <div class=\"eael-grid-post-holder-inner\"><div class=\"eael-entry-wrapper\"><header class=\"eael-entry-header\"><h2 class=\"eael-entry-title\"><a class=\"eael-grid-post-link\" href=\"https:\/\/fundacjapolna.org\/index.php\/2024\/03\/02\/zapraszamy-na-dni-otwarte-fundacji-polna\/\" title=\"Zapraszamy na Dni Otwarte Fundacji Polna\">Zapraszamy na Dni Otwarte Fundacji Polna<\/a><\/h2><\/header><div class=\"eael-entry-content\">\n                        <div class=\"eael-grid-post-excerpt\"><p>Zapraszamy serdecznie na wielkie \u015bwi\u0119towanie!Mo\u017cemy ugo\u015bci\u0107 ograniczon\u0105 liczb\u0119 os\u00f3b, wi\u0119c...<\/p><a href=\"https:\/\/fundacjapolna.org\/index.php\/2024\/03\/02\/zapraszamy-na-dni-otwarte-fundacji-polna\/\" class=\"eael-post-elements-readmore-btn\">Read More<\/a><\/div>\n                    <\/div><div class=\"eael-entry-footer\"><div class=\"eael-author-avatar\"><a href=\"https:\/\/fundacjapolna.org\/index.php\/author\/admin9032\/\"><img alt='FundacjaPolna' src='https:\/\/secure.gravatar.com\/avatar\/d8bc0a4596e16fc950250b96a5382cdb4d5a8e8e03b63929205dbeb608071ae3?s=96&#038;d=mm&#038;r=g' srcset='https:\/\/secure.gravatar.com\/avatar\/d8bc0a4596e16fc950250b96a5382cdb4d5a8e8e03b63929205dbeb608071ae3?s=192&#038;d=mm&#038;r=g 2x' class='avatar avatar-96 photo' height='96' width='96' \/><\/a><\/div><div class=\"eael-entry-meta\"><span class=\"eael-posted-by\"><a href=\"https:\/\/fundacjapolna.org\/index.php\/author\/admin9032\/\" title=\"Posts by FundacjaPolna\" rel=\"author\">FundacjaPolna<\/a><\/span><span class=\"eael-posted-on\"><time datetime=\"2 marca 2024\">2 marca 2024<\/time><\/span><\/div><\/div><\/div><\/div>\n        <\/div>\n    <\/article><article class=\"eael-grid-post  eael-post-grid-column eael-pg-post-1119 category-mikrogranty-aofr\" data-id=\"1119\">\n        <div class=\"eael-grid-post-holder\">\n            <div class=\"eael-grid-post-holder-inner\"><div class=\"eael-entry-wrapper\"><header class=\"eael-entry-header\"><h2 class=\"eael-entry-title\"><a class=\"eael-grid-post-link\" href=\"https:\/\/fundacjapolna.org\/index.php\/2024\/02\/29\/drugie-zajecia-w-ramach-kursu-zielarskiego\/\" title=\"Drugie zaj\u0119cia w ramach kursu zielarskiego\">Drugie zaj\u0119cia w ramach kursu zielarskiego<\/a><\/h2><\/header><div class=\"eael-entry-content\">\n                        <div class=\"eael-grid-post-excerpt\"><p>Wczoraj odby\u0142 si\u0119 drugi warsztat zielarski w domu kultury w...<\/p><a href=\"https:\/\/fundacjapolna.org\/index.php\/2024\/02\/29\/drugie-zajecia-w-ramach-kursu-zielarskiego\/\" class=\"eael-post-elements-readmore-btn\">Read More<\/a><\/div>\n                    <\/div><div class=\"eael-entry-footer\"><div class=\"eael-author-avatar\"><a href=\"https:\/\/fundacjapolna.org\/index.php\/author\/admin9032\/\"><img alt='FundacjaPolna' src='https:\/\/secure.gravatar.com\/avatar\/d8bc0a4596e16fc950250b96a5382cdb4d5a8e8e03b63929205dbeb608071ae3?s=96&#038;d=mm&#038;r=g' srcset='https:\/\/secure.gravatar.com\/avatar\/d8bc0a4596e16fc950250b96a5382cdb4d5a8e8e03b63929205dbeb608071ae3?s=192&#038;d=mm&#038;r=g 2x' class='avatar avatar-96 photo' height='96' width='96' \/><\/a><\/div><div class=\"eael-entry-meta\"><span class=\"eael-posted-by\"><a href=\"https:\/\/fundacjapolna.org\/index.php\/author\/admin9032\/\" title=\"Posts by FundacjaPolna\" rel=\"author\">FundacjaPolna<\/a><\/span><span class=\"eael-posted-on\"><time datetime=\"29 lutego 2024\">29 lutego 2024<\/time><\/span><\/div><\/div><\/div><\/div>\n        <\/div>\n    <\/article><article class=\"eael-grid-post  eael-post-grid-column eael-pg-post-1124 category-mikrogranty-aofr\" data-id=\"1124\">\n        <div class=\"eael-grid-post-holder\">\n            <div class=\"eael-grid-post-holder-inner\"><div class=\"eael-entry-wrapper\"><header class=\"eael-entry-header\"><h2 class=\"eael-entry-title\"><a class=\"eael-grid-post-link\" href=\"https:\/\/fundacjapolna.org\/index.php\/2024\/02\/22\/kurs-zielarski-w-czermnej-rozpoczety\/\" title=\"Kurs zielarski w Czermnej rozpocz\u0119ty\">Kurs zielarski w Czermnej rozpocz\u0119ty<\/a><\/h2><\/header><div class=\"eael-entry-content\">\n                        <div class=\"eael-grid-post-excerpt\"><p>Z naszymi dzia\u0142aniami chcemy wychodzi\u0107 te\u017c do naszych s\u0105siad\u00f3w z...<\/p><a href=\"https:\/\/fundacjapolna.org\/index.php\/2024\/02\/22\/kurs-zielarski-w-czermnej-rozpoczety\/\" class=\"eael-post-elements-readmore-btn\">Read More<\/a><\/div>\n                    <\/div><div class=\"eael-entry-footer\"><div class=\"eael-author-avatar\"><a href=\"https:\/\/fundacjapolna.org\/index.php\/author\/admin9032\/\"><img alt='FundacjaPolna' src='https:\/\/secure.gravatar.com\/avatar\/d8bc0a4596e16fc950250b96a5382cdb4d5a8e8e03b63929205dbeb608071ae3?s=96&#038;d=mm&#038;r=g' srcset='https:\/\/secure.gravatar.com\/avatar\/d8bc0a4596e16fc950250b96a5382cdb4d5a8e8e03b63929205dbeb608071ae3?s=192&#038;d=mm&#038;r=g 2x' class='avatar avatar-96 photo' height='96' width='96' \/><\/a><\/div><div class=\"eael-entry-meta\"><span class=\"eael-posted-by\"><a href=\"https:\/\/fundacjapolna.org\/index.php\/author\/admin9032\/\" title=\"Posts by FundacjaPolna\" rel=\"author\">FundacjaPolna<\/a><\/span><span class=\"eael-posted-on\"><time datetime=\"22 lutego 2024\">22 lutego 2024<\/time><\/span><\/div><\/div><\/div><\/div>\n        <\/div>\n    <\/article><article class=\"eael-grid-post  eael-post-grid-column eael-pg-post-1129 category-blog-mikrogranty-aofr\" data-id=\"1129\">\n        <div class=\"eael-grid-post-holder\">\n            <div class=\"eael-grid-post-holder-inner\"><div class=\"eael-entry-wrapper\"><header class=\"eael-entry-header\"><h2 class=\"eael-entry-title\"><a class=\"eael-grid-post-link\" href=\"https:\/\/fundacjapolna.org\/index.php\/2024\/02\/19\/pierwsza-wyprawa-do-serca-lasu-za-nami\/\" title=\"Pierwsza Wyprawa do Serca Lasu za nami\">Pierwsza Wyprawa do Serca Lasu za nami<\/a><\/h2><\/header><div class=\"eael-entry-content\">\n                        <div class=\"eael-grid-post-excerpt\"><p>Za nami pierwsza Wyprawa do Serca Lasu. M\u0142odzi doro\u015bli z...<\/p><a href=\"https:\/\/fundacjapolna.org\/index.php\/2024\/02\/19\/pierwsza-wyprawa-do-serca-lasu-za-nami\/\" class=\"eael-post-elements-readmore-btn\">Read More<\/a><\/div>\n                    <\/div><div class=\"eael-entry-footer\"><div class=\"eael-author-avatar\"><a href=\"https:\/\/fundacjapolna.org\/index.php\/author\/admin9032\/\"><img alt='FundacjaPolna' src='https:\/\/secure.gravatar.com\/avatar\/d8bc0a4596e16fc950250b96a5382cdb4d5a8e8e03b63929205dbeb608071ae3?s=96&#038;d=mm&#038;r=g' srcset='https:\/\/secure.gravatar.com\/avatar\/d8bc0a4596e16fc950250b96a5382cdb4d5a8e8e03b63929205dbeb608071ae3?s=192&#038;d=mm&#038;r=g 2x' class='avatar avatar-96 photo' height='96' width='96' \/><\/a><\/div><div class=\"eael-entry-meta\"><span class=\"eael-posted-by\"><a href=\"https:\/\/fundacjapolna.org\/index.php\/author\/admin9032\/\" title=\"Posts by FundacjaPolna\" rel=\"author\">FundacjaPolna<\/a><\/span><span class=\"eael-posted-on\"><time datetime=\"19 lutego 2024\">19 lutego 2024<\/time><\/span><\/div><\/div><\/div><\/div>\n        <\/div>\n    <\/article><article class=\"eael-grid-post  eael-post-grid-column eael-pg-post-1190 category-mikrogranty-aofr\" data-id=\"1190\">\n        <div class=\"eael-grid-post-holder\">\n            <div class=\"eael-grid-post-holder-inner\"><div class=\"eael-entry-wrapper\"><header class=\"eael-entry-header\"><h2 class=\"eael-entry-title\"><a class=\"eael-grid-post-link\" href=\"https:\/\/fundacjapolna.org\/index.php\/2024\/02\/10\/warsztaty-ciesielskie\/\" title=\"Warsztaty ciesielskie\">Warsztaty ciesielskie<\/a><\/h2><\/header><div class=\"eael-entry-content\">\n                        <div class=\"eael-grid-post-excerpt\"><p>W dniach 07.02.24 &#8211; 08.02.24 odby\u0142y si\u0119 warsztaty ciesielskie, w...<\/p><a href=\"https:\/\/fundacjapolna.org\/index.php\/2024\/02\/10\/warsztaty-ciesielskie\/\" class=\"eael-post-elements-readmore-btn\">Read More<\/a><\/div>\n                    <\/div><div class=\"eael-entry-footer\"><div class=\"eael-author-avatar\"><a href=\"https:\/\/fundacjapolna.org\/index.php\/author\/admin9032\/\"><img alt='FundacjaPolna' src='https:\/\/secure.gravatar.com\/avatar\/d8bc0a4596e16fc950250b96a5382cdb4d5a8e8e03b63929205dbeb608071ae3?s=96&#038;d=mm&#038;r=g' srcset='https:\/\/secure.gravatar.com\/avatar\/d8bc0a4596e16fc950250b96a5382cdb4d5a8e8e03b63929205dbeb608071ae3?s=192&#038;d=mm&#038;r=g 2x' class='avatar avatar-96 photo' height='96' width='96' \/><\/a><\/div><div class=\"eael-entry-meta\"><span class=\"eael-posted-by\"><a href=\"https:\/\/fundacjapolna.org\/index.php\/author\/admin9032\/\" title=\"Posts by FundacjaPolna\" rel=\"author\">FundacjaPolna<\/a><\/span><span class=\"eael-posted-on\"><time datetime=\"10 lutego 2024\">10 lutego 2024<\/time><\/span><\/div><\/div><\/div><\/div>\n        <\/div>\n    <\/article><article class=\"eael-grid-post  eael-post-grid-column eael-pg-post-1157 category-mikrogranty-aofr\" data-id=\"1157\">\n        <div class=\"eael-grid-post-holder\">\n            <div class=\"eael-grid-post-holder-inner\"><div class=\"eael-entry-wrapper\"><header class=\"eael-entry-header\"><h2 class=\"eael-entry-title\"><a class=\"eael-grid-post-link\" href=\"https:\/\/fundacjapolna.org\/index.php\/2024\/02\/06\/zaproszamy-na-kurs-zielarski-w-czermnej\/\" title=\"Zaproszamy na kurs zielarski w Czermnej\">Zaproszamy na kurs zielarski w Czermnej<\/a><\/h2><\/header><div class=\"eael-entry-content\">\n                        <div class=\"eael-grid-post-excerpt\"><p><\/p><a href=\"https:\/\/fundacjapolna.org\/index.php\/2024\/02\/06\/zaproszamy-na-kurs-zielarski-w-czermnej\/\" class=\"eael-post-elements-readmore-btn\">Read More<\/a><\/div>\n                    <\/div><div class=\"eael-entry-footer\"><div class=\"eael-author-avatar\"><a href=\"https:\/\/fundacjapolna.org\/index.php\/author\/admin9032\/\"><img alt='FundacjaPolna' src='https:\/\/secure.gravatar.com\/avatar\/d8bc0a4596e16fc950250b96a5382cdb4d5a8e8e03b63929205dbeb608071ae3?s=96&#038;d=mm&#038;r=g' srcset='https:\/\/secure.gravatar.com\/avatar\/d8bc0a4596e16fc950250b96a5382cdb4d5a8e8e03b63929205dbeb608071ae3?s=192&#038;d=mm&#038;r=g 2x' class='avatar avatar-96 photo' height='96' width='96' \/><\/a><\/div><div class=\"eael-entry-meta\"><span class=\"eael-posted-by\"><a href=\"https:\/\/fundacjapolna.org\/index.php\/author\/admin9032\/\" title=\"Posts by FundacjaPolna\" rel=\"author\">FundacjaPolna<\/a><\/span><span class=\"eael-posted-on\"><time datetime=\"6 lutego 2024\">6 lutego 2024<\/time><\/span><\/div><\/div><\/div><\/div>\n        <\/div>\n    <\/article><article class=\"eael-grid-post  eael-post-grid-column eael-pg-post-1163 category-mikrogranty-aofr\" data-id=\"1163\">\n        <div class=\"eael-grid-post-holder\">\n            <div class=\"eael-grid-post-holder-inner\"><div class=\"eael-entry-wrapper\"><header class=\"eael-entry-header\"><h2 class=\"eael-entry-title\"><a class=\"eael-grid-post-link\" href=\"https:\/\/fundacjapolna.org\/index.php\/2024\/01\/15\/zapisz-sie-na-wyprawe-do-serca-lasu\/\" title=\"Zapisz si\u0119 na Wypraw\u0119 do Serca Lasu\">Zapisz si\u0119 na Wypraw\u0119 do Serca Lasu<\/a><\/h2><\/header><div class=\"eael-entry-content\">\n                        <div class=\"eael-grid-post-excerpt\"><p>Fundacja Polna przedstawia:Wyprawa do Serca Lasu- edycja zimowa\u00a0\u2014\u2014\u2014\u2014ZAPISY DO 1.02\u2014\u2014\u2014\u2014O...<\/p><a href=\"https:\/\/fundacjapolna.org\/index.php\/2024\/01\/15\/zapisz-sie-na-wyprawe-do-serca-lasu\/\" class=\"eael-post-elements-readmore-btn\">Read More<\/a><\/div>\n                    <\/div><div class=\"eael-entry-footer\"><div class=\"eael-author-avatar\"><a href=\"https:\/\/fundacjapolna.org\/index.php\/author\/admin9032\/\"><img alt='FundacjaPolna' src='https:\/\/secure.gravatar.com\/avatar\/d8bc0a4596e16fc950250b96a5382cdb4d5a8e8e03b63929205dbeb608071ae3?s=96&#038;d=mm&#038;r=g' srcset='https:\/\/secure.gravatar.com\/avatar\/d8bc0a4596e16fc950250b96a5382cdb4d5a8e8e03b63929205dbeb608071ae3?s=192&#038;d=mm&#038;r=g 2x' class='avatar avatar-96 photo' height='96' width='96' \/><\/a><\/div><div class=\"eael-entry-meta\"><span class=\"eael-posted-by\"><a href=\"https:\/\/fundacjapolna.org\/index.php\/author\/admin9032\/\" title=\"Posts by FundacjaPolna\" rel=\"author\">FundacjaPolna<\/a><\/span><span class=\"eael-posted-on\"><time datetime=\"15 stycznia 2024\">15 stycznia 2024<\/time><\/span><\/div><\/div><\/div><\/div>\n        <\/div>\n    <\/article><\/div>\n            <div class=\"clearfix\"><\/div>\n        <\/div>\t\t\t\t<\/div>\n\t\t\t\t<\/div>\n\t\t\t\t\t<\/div>\n\t\t<\/div>\n\t\t\t\t\t<\/div>\n\t\t<\/section>\n\t\t\t\t<section class=\"elementor-section elementor-top-section elementor-element elementor-element-ee871b0 elementor-section-boxed elementor-section-height-default elementor-section-height-default\" data-id=\"ee871b0\" data-element_type=\"section\" data-e-type=\"section\">\n\t\t\t\t\t\t<div class=\"elementor-container elementor-column-gap-default\">\n\t\t\t\t\t<div class=\"elementor-column elementor-col-100 elementor-top-column elementor-element elementor-element-90b05db\" data-id=\"90b05db\" data-element_type=\"column\" data-e-type=\"column\">\n\t\t\t<div class=\"elementor-widget-wrap elementor-element-populated\">\n\t\t\t\t\t\t<div class=\"elementor-element elementor-element-f963cda elementor-widget elementor-widget-text-editor\" data-id=\"f963cda\" data-element_type=\"widget\" data-e-type=\"widget\" data-widget_type=\"text-editor.default\">\n\t\t\t\t<div class=\"elementor-widget-container\">\n\t\t\t\t\t\t\t\t\t<p>W dniu 29 kwietnia 2024 odby\u0142o si\u0119 spotkanie podsumowuj\u0105ce projekt i informuj\u0105ce o \u017ar\u00f3dle finansowania. Poni\u017cej przedstawiamy materia\u0142 z tego spotkania z najwa\u017cniejszymi informacjami o projekcie.<\/p><p>\u00a0<\/p>\t\t\t\t\t\t\t\t<\/div>\n\t\t\t\t<\/div>\n\t\t\t\t\t<\/div>\n\t\t<\/div>\n\t\t\t\t\t<\/div>\n\t\t<\/section>\n\t\t\t\t<section class=\"elementor-section elementor-top-section elementor-element elementor-element-86154c0 elementor-section-boxed elementor-section-height-default elementor-section-height-default\" data-id=\"86154c0\" data-element_type=\"section\" data-e-type=\"section\">\n\t\t\t\t\t\t<div class=\"elementor-container elementor-column-gap-default\">\n\t\t\t\t\t<div class=\"elementor-column elementor-col-100 elementor-top-column elementor-element elementor-element-b4f091b\" data-id=\"b4f091b\" data-element_type=\"column\" data-e-type=\"column\">\n\t\t\t<div class=\"elementor-widget-wrap elementor-element-populated\">\n\t\t\t\t\t\t<div class=\"elementor-element elementor-element-d541423 elementor-widget elementor-widget-video\" data-id=\"d541423\" data-element_type=\"widget\" data-e-type=\"widget\" data-settings=\"{&quot;video_type&quot;:&quot;hosted&quot;,&quot;controls&quot;:&quot;yes&quot;}\" data-widget_type=\"video.default\">\n\t\t\t\t<div class=\"elementor-widget-container\">\n\t\t\t\t\t\t\t<div class=\"e-hosted-video elementor-wrapper elementor-open-inline\">\n\t\t\t\t\t<video class=\"elementor-video\" src=\"http:\/\/fundacjapolna.org\/wp-content\/uploads\/2024\/05\/My-project-32.mp4\" controls=\"\" preload=\"metadata\" controlsList=\"nodownload\"><\/video>\n\t\t\t\t<\/div>\n\t\t\t\t\t\t<\/div>\n\t\t\t\t<\/div>\n\t\t\t\t\t<\/div>\n\t\t<\/div>\n\t\t\t\t\t<\/div>\n\t\t<\/section>\n\t\t\t\t<\/div>\n\t\t","protected":false},"excerpt":{"rendered":"<p>Projekt finansowany przez Islandi\u0119, Liechtenstein i Norwegi\u0119 z Funduszy EOG i Funduszy Norweskich w ramach Programu Aktywni Obywatele \u2013 Fundusz Regionalny &#8222;Aktywni Obywatele \u2013 Fundusz Regionalny Konkurs na mikrogranty dla m\u0142odych organizacji&#8221; to program, w ramach kt\u00f3rego nasza fundacja rozwinie skrzyd\u0142a. Podnios\u0105 si\u0119 kwalifikacje cz\u0142onk\u00f3w naszej fundacji w ramach kurs\u00f3w op\u0142acanych z grantu (NVC, coaching, szko\u0142a trener\u00f3w) oraz szkole\u0144 dotycz\u0105cych [&hellip;]<\/p>\n","protected":false},"author":2,"featured_media":937,"parent":0,"menu_order":0,"comment_status":"closed","ping_status":"closed","template":"","meta":{"footnotes":""},"class_list":["post-927","page","type-page","status-publish","has-post-thumbnail","hentry"],"_links":{"self":[{"href":"https:\/\/fundacjapolna.org\/index.php\/wp-json\/wp\/v2\/pages\/927","targetHints":{"allow":["GET"]}}],"collection":[{"href":"https:\/\/fundacjapolna.org\/index.php\/wp-json\/wp\/v2\/pages"}],"about":[{"href":"https:\/\/fundacjapolna.org\/index.php\/wp-json\/wp\/v2\/types\/page"}],"author":[{"embeddable":true,"href":"https:\/\/fundacjapolna.org\/index.php\/wp-json\/wp\/v2\/users\/2"}],"replies":[{"embeddable":true,"href":"https:\/\/fundacjapolna.org\/index.php\/wp-json\/wp\/v2\/comments?post=927"}],"version-history":[{"count":20,"href":"https:\/\/fundacjapolna.org\/index.php\/wp-json\/wp\/v2\/pages\/927\/revisions"}],"predecessor-version":[{"id":1497,"href":"https:\/\/fundacjapolna.org\/index.php\/wp-json\/wp\/v2\/pages\/927\/revisions\/1497"}],"wp:featuredmedia":[{"embeddable":true,"href":"https:\/\/fundacjapolna.org\/index.php\/wp-json\/wp\/v2\/media\/937"}],"wp:attachment":[{"href":"https:\/\/fundacjapolna.org\/index.php\/wp-json\/wp\/v2\/media?parent=927"}],"curies":[{"name":"wp","href":"https:\/\/api.w.org\/{rel}","templated":true}]}}